{"id":6768,"date":"2021-10-04T14:56:41","date_gmt":"2021-10-04T18:56:41","guid":{"rendered":"https:\/\/galagutenberg.ca\/?page_id=6768"},"modified":"2024-09-03T11:45:28","modified_gmt":"2024-09-03T15:45:28","slug":"galerie-photo-2021","status":"publish","type":"page","link":"https:\/\/galagutenberg.ca\/en\/galerie-photo-2021\/","title":{"rendered":"Galerie photo 2021"},"content":{"rendered":"\t\t<div data-elementor-type=\"wp-page\" data-elementor-id=\"6768\" class=\"elementor elementor-6768\" data-elementor-post-type=\"page\">\n\t\t\t\t\t\t<section class=\"elementor-section elementor-top-section elementor-element elementor-element-48e88e4f elementor-section-boxed elementor-section-height-default elementor-section-height-default\" data-id=\"48e88e4f\" data-element_type=\"section\" data-e-type=\"section\">\n\t\t\t\t\t\t<div class=\"elementor-container elementor-column-gap-default\">\n\t\t\t\t\t<div class=\"elementor-column elementor-col-100 elementor-top-column elementor-element elementor-element-78e18f57\" data-id=\"78e18f57\" data-element_type=\"column\" data-e-type=\"column\">\n\t\t\t<div class=\"elementor-widget-wrap elementor-element-populated\">\n\t\t\t\t\t\t<div class=\"elementor-element elementor-element-47732f1 elementor-widget elementor-widget-heading\" data-id=\"47732f1\" data-element_type=\"widget\" data-e-type=\"widget\" data-widget_type=\"heading.default\">\n\t\t\t\t<div class=\"elementor-widget-container\">\n\t\t\t\t\t<h2 class=\"elementor-heading-title elementor-size-default\">Galerie photo<\/h2>\t\t\t\t<\/div>\n\t\t\t\t<\/div>\n\t\t\t\t<div class=\"elementor-element elementor-element-efa248a elementor-widget-divider--view-line elementor-widget elementor-widget-divider\" data-id=\"efa248a\" data-element_type=\"widget\" data-e-type=\"widget\" data-widget_type=\"divider.default\">\n\t\t\t\t<div class=\"elementor-widget-container\">\n\t\t\t\t\t\t\t<div class=\"elementor-divider\">\n\t\t\t<span class=\"elementor-divider-separator\">\n\t\t\t\t\t\t<\/span>\n\t\t<\/div>\n\t\t\t\t\t\t<\/div>\n\t\t\t\t<\/div>\n\t\t\t\t<div class=\"elementor-element elementor-element-6d5a58a9 elementor-widget elementor-widget-spacer\" data-id=\"6d5a58a9\" data-element_type=\"widget\" data-e-type=\"widget\" data-widget_type=\"spacer.default\">\n\t\t\t\t<div class=\"elementor-widget-container\">\n\t\t\t\t\t\t\t<div class=\"elementor-spacer\">\n\t\t\t<div class=\"elementor-spacer-inner\"><\/div>\n\t\t<\/div>\n\t\t\t\t\t\t<\/div>\n\t\t\t\t<\/div>\n\t\t\t\t<div class=\"elementor-element elementor-element-ea16f16 elementor-widget elementor-widget-heading\" data-id=\"ea16f16\" data-element_type=\"widget\" data-e-type=\"widget\" data-widget_type=\"heading.default\">\n\t\t\t\t<div class=\"elementor-widget-container\">\n\t\t\t\t\t<h2 class=\"elementor-heading-title elementor-size-default\">Gala Gutenberg 2021<\/h2>\t\t\t\t<\/div>\n\t\t\t\t<\/div>\n\t\t\t\t\t<\/div>\n\t\t<\/div>\n\t\t\t\t\t<\/div>\n\t\t<\/section>\n\t\t<div class=\"elementor-element elementor-element-a40fc9c e-flex e-con-boxed e-con e-parent\" data-id=\"a40fc9c\" data-element_type=\"container\" data-e-type=\"container\">\n\t\t\t\t\t<div class=\"e-con-inner\">\n\t\t\t\t<div class=\"elementor-element elementor-element-50ca14f elementor-widget elementor-widget-shortcode\" data-id=\"50ca14f\" data-element_type=\"widget\" data-e-type=\"widget\" data-widget_type=\"shortcode.default\">\n\t\t\t\t<div class=\"elementor-widget-container\">\n\t\t\t\t\t\t\t<div class=\"elementor-shortcode\"><style> #grid-gallery-3-46786 .grid-gallery-caption[data-grid-gallery-type=\"show-on-hover\"] figcaption { background-color:#000000 !important; } #grid-gallery-3-46786 .grid-gallery-caption[data-grid-gallery-type=\"show-on-hover\"]:hover figcaption, #grid-gallery-3-46786 .grid-gallery-caption[data-grid-gallery-type=\"show-on-hover\"].hovered figcaption, #grid-gallery-3-46786 .grid-gallery-caption[data-grid-gallery-type=\"show-on-hover\"]:active figcaption { background-color:rgba(1,193,203,0.5) !important; } <\/style> <div id=\"grid-gallery-3-46786\" data-gg-id=\"3\" data-title=\"Gala Gutenberg 2021\" data-grid-type=\"0\" data-offset=\"5\" data-area-position=\"center\" data-icons=\"false\" data-preloader=\"true\" data-width=\"215\" data-height=\"215\" data-padding=\"0\" data-quicksand=\"disabled\" data-quicksand-duration=\"none\" data-popup-theme=\"theme_7\" data-popup-type=\"colorbox\" data-popup-fadeOut=\"300\" data-popup-captions=\"hide\" data-popup-image-text=\"data-description\" data-popup-widthsize=\"853\" data-popup-heightsize=\"480\" data-popup-i18n-words=\"{&quot;close&quot;:&quot;close&quot;,&quot;next&quot;:&quot;next&quot;,&quot;previous&quot;:&quot;previous&quot;,&quot;start_slideshow&quot;:&quot;start slideshow&quot;,&quot;stop_slideshow&quot;:&quot;stop slideshow&quot;,&quot;image&quot;:&quot;image&quot;,&quot;of&quot;:&quot;of&quot;,&quot;prev&quot;:&quot;prev&quot;,&quot;cExpand&quot;:&quot;Expand&quot;,&quot;cPrevious&quot;:&quot;Previous&quot;,&quot;cNext&quot;:&quot;Next&quot;,&quot;cExpandStr&quot;:&quot;Expand the image&quot;,&quot;cRotate&quot;:&quot;Rotate&quot;,&quot;cDetails&quot;:&quot;Details&quot;}\" data-popup-slideshow=\"false\" data-popup-slideshow-speed=\"2500\" data-popup-hoverstop=\"true\" data-popup-slideshow-auto=\"false\" data-popup-background=\"#ffffff\" data-popup-transparency=\"30\" data-popup-disable-history=\"\" data-popup-disable-changed-url=\"\" data-popup-border-type=\"solid\" data-popup-border-color=\"\" data-popup-border-width=\"0\" data-popup-border-enable=\"\" data-fullscreen=\"false\" data-hide-tooltip=\"false\" data-caption-font-family=\"Default\" data-caption-text-size=\"140\" data-is-mobile=\"0\" data-caption-mobile=\"false\" data-hide-long-tltp-title=\"0\" data-caption-disabled-on-mobile=\"false\" data-lazyload-enable='1' data-lazyload-effect=\"fadeIn\" data-lazyload-effect-duration=\"400\" data-popup-placement-type=\"0\" data-social-sharing=\"{&quot;enabled&quot;:&quot;&quot;,&quot;gallerySharing&quot;:{&quot;enabled&quot;:null,&quot;position&quot;:&quot;top&quot;},&quot;imageSharing&quot;:{&quot;enabled&quot;:&quot;0&quot;,&quot;wrapperClass&quot;:&quot;top left&quot;},&quot;popupSharing&quot;:{&quot;enabled&quot;:&quot;0&quot;,&quot;wrapperClass&quot;:&quot;top left&quot;}}\" class=\"grid-gallery grid-gallery-fixed \" style=\" width:100%; height:auto; margin-left:auto; margin-right:auto;position:relative;\" data-popup-video=\"{&quot;width&quot;:&quot;853&quot;,&quot;height&quot;:&quot;480&quot;,&quot;autoplay&quot;:&quot;false&quot;,&quot;onEnd&quot;:&quot;0&quot;}\" data-popup-disable-source-image-for-linked-img=\"0\" data-popup-enable-download-photos-button=\"0\" data-thumbnail-size=\"150x150\"> <div class=\"gallery-loading\"> <div class=\"blocks\"> <div class=\"block\"><\/div> <div class=\"block\"><\/div> <div class=\"block\"><\/div> <div class=\"block\"><\/div> <\/div> <\/div> <div class=\"gallery-sharing-top\" style=\"display:none;\"> <\/div> <div id=\"photos-3\" class=\"grid-gallery-photos\"><a data-attachment-id=\"7186\" id=\"gg-3-56\" class=\"gg-link gg-colorbox \" data-attachment-id=\"7186\" href=\"https:\/\/galagutenberg.ca\/wp-content\/uploads\/2021\/10\/tournage-gala-gutenberg-2021-3-scaled.jpg?gid=3\" target=\"_self\" rel=\"\" style=\"border-radius:00;\" ><FIGURE data-tags=\"\" data-id=\"56\" class=\"grid-gallery-caption\" data-grid-gallery-type=\"quarter-slide-up\" data-index=\"0\" style=\"display:none;border:10px solid #ffffff; border-radius:00;; margin:5px; width:2150;\" ><div class=\"crop\" style=\" width:2150; height:2150; overflow:hidden;\"><img decoding=\"async\" data-gg-real-image-href=\"https:\/\/galagutenberg.ca\/wp-content\/uploads\/2021\/10\/tournage-gala-gutenberg-2021-3-scaled-215x215.jpg\" src=\"https:\/\/galagutenberg.ca\/wp-content\/plugins\/gallery-by-supsystic\/src\/GridGallery\/Galleries\/assets\/img\/loading.gif\" class=\"ggImg ggLazyImg\" alt=\"Tournage Gala Gutenberg 2021\" data-description=\"Photo du tournage du Gala Gutenberg 2021... Merci \u00e0 Marieme Ndiaye, Boreal Technique et Factorie l&#039;agence!\" data-caption=\"Photo du tournage du Gala Gutenberg 2021... Merci \u00e0 Marieme Ndiaye, Boreal Technique et Factorie l&#039;agence!\" data-title=\"Tournage Gala Gutenberg 2021\" style=\" width:215px; height:215px;\" \/><\/div><FIGCAPTION class=\"\" data-alpha=\"5\" style=\"color:#ffffff; background-color:#01c1cb; font-size:140; text-align:center; font-family:Default;\" ><div class=\"grid-gallery-figcaption-wrap\" style=\" vertical-align:top;\"><div class=\"gg-image-caption fitvidsignore\" style=\"font-size:140;\"><object type=\"none\/none\">Photo du tournage du Gala Gutenberg 2021... Merci \u00e0 Marieme Ndiaye, Boreal Technique et Factorie l&#039;agence! <\/object><\/div><\/div><\/FIGCAPTION><\/FIGURE><\/a><a data-attachment-id=\"7185\" id=\"gg-3-57\" class=\"gg-link gg-colorbox \" data-attachment-id=\"7185\" href=\"https:\/\/galagutenberg.ca\/wp-content\/uploads\/2021\/10\/tournage-gala-gutenberg-2021-2-scaled.jpg?gid=3\" target=\"_self\" rel=\"\" style=\"border-radius:00;\" ><FIGURE data-tags=\"\" data-id=\"57\" class=\"grid-gallery-caption\" data-grid-gallery-type=\"quarter-slide-up\" data-index=\"1\" style=\"display:none;border:10px solid #ffffff; border-radius:00;; margin:5px; width:2150;\" ><div class=\"crop\" style=\" width:2150; height:2150; overflow:hidden;\"><img decoding=\"async\" data-gg-real-image-href=\"https:\/\/galagutenberg.ca\/wp-content\/uploads\/2021\/10\/tournage-gala-gutenberg-2021-2-scaled-215x215.jpg\" src=\"https:\/\/galagutenberg.ca\/wp-content\/plugins\/gallery-by-supsystic\/src\/GridGallery\/Galleries\/assets\/img\/loading.gif\" class=\"ggImg ggLazyImg\" alt=\"Tournage Gala Gutenberg 2021\" data-description=\"Photo du tournage du Gala Gutenberg 2021... Merci \u00e0 Marieme Ndiaye, Boreal Technique et Factorie l&#039;agence!\" data-caption=\"Photo du tournage du Gala Gutenberg 2021... Merci \u00e0 Marieme Ndiaye, Boreal Technique et Factorie l&#039;agence!\" data-title=\"Tournage Gala Gutenberg 2021\" style=\" width:215px; height:215px;\" \/><\/div><FIGCAPTION class=\"\" data-alpha=\"5\" style=\"color:#ffffff; background-color:#01c1cb; font-size:140; text-align:center; font-family:Default;\" ><div class=\"grid-gallery-figcaption-wrap\" style=\" vertical-align:top;\"><div class=\"gg-image-caption fitvidsignore\" style=\"font-size:140;\"><object type=\"none\/none\">Photo du tournage du Gala Gutenberg 2021... Merci \u00e0 Marieme Ndiaye, Boreal Technique et Factorie l&#039;agence! <\/object><\/div><\/div><\/FIGCAPTION><\/FIGURE><\/a><a data-attachment-id=\"7184\" id=\"gg-3-58\" class=\"gg-link gg-colorbox \" data-attachment-id=\"7184\" href=\"https:\/\/galagutenberg.ca\/wp-content\/uploads\/2021\/10\/tournage-gala-gutenberg-2021-1-scaled.jpg?gid=3\" target=\"_self\" rel=\"\" style=\"border-radius:00;\" ><FIGURE data-tags=\"\" data-id=\"58\" class=\"grid-gallery-caption\" data-grid-gallery-type=\"quarter-slide-up\" data-index=\"2\" style=\"display:none;border:10px solid #ffffff; border-radius:00;; margin:5px; width:2150;\" ><div class=\"crop\" style=\" width:2150; height:2150; overflow:hidden;\"><img decoding=\"async\" data-gg-real-image-href=\"https:\/\/galagutenberg.ca\/wp-content\/uploads\/2021\/10\/tournage-gala-gutenberg-2021-1-scaled-215x215.jpg\" src=\"https:\/\/galagutenberg.ca\/wp-content\/plugins\/gallery-by-supsystic\/src\/GridGallery\/Galleries\/assets\/img\/loading.gif\" class=\"ggImg ggLazyImg\" alt=\"Tournage Gala Gutenberg 2021\" data-description=\"Photo du tournage du Gala Gutenberg 2021... Merci \u00e0 Marieme Ndiaye, Boreal Technique et Factorie l&#039;agence!\" data-caption=\"Photo du tournage du Gala Gutenberg 2021... Merci \u00e0 Marieme Ndiaye, Boreal Technique et Factorie l&#039;agence!\" data-title=\"Tournage Gala Gutenberg 2021\" style=\" width:215px; height:215px;\" \/><\/div><FIGCAPTION class=\"\" data-alpha=\"5\" style=\"color:#ffffff; background-color:#01c1cb; font-size:140; text-align:center; font-family:Default;\" ><div class=\"grid-gallery-figcaption-wrap\" style=\" vertical-align:top;\"><div class=\"gg-image-caption fitvidsignore\" style=\"font-size:140;\"><object type=\"none\/none\">Photo du tournage du Gala Gutenberg 2021... Merci \u00e0 Marieme Ndiaye, Boreal Technique et Factorie l&#039;agence! <\/object><\/div><\/div><\/FIGCAPTION><\/FIGURE><\/a><a data-attachment-id=\"7182\" id=\"gg-3-59\" class=\"gg-link gg-colorbox \" data-attachment-id=\"7182\" href=\"https:\/\/galagutenberg.ca\/wp-content\/uploads\/2021\/10\/Rabia-Bellara-rotated.jpeg?gid=3\" target=\"_self\" rel=\"\" style=\"border-radius:00;\" ><FIGURE data-tags=\"\" data-id=\"59\" class=\"grid-gallery-caption\" data-grid-gallery-type=\"quarter-slide-up\" data-index=\"3\" style=\"display:none;border:10px solid #ffffff; border-radius:00;; margin:5px; width:2150;\" ><div class=\"crop\" style=\" width:2150; height:2150; overflow:hidden;\"><img decoding=\"async\" data-gg-real-image-href=\"https:\/\/galagutenberg.ca\/wp-content\/uploads\/2021\/10\/Rabia-Bellara-rotated-215x215.jpeg\" src=\"https:\/\/galagutenberg.ca\/wp-content\/plugins\/gallery-by-supsystic\/src\/GridGallery\/Galleries\/assets\/img\/loading.gif\" class=\"ggImg ggLazyImg\" alt=\"Contenu coffret cocktail Gala Gutenberg 2021\" data-description=\"Soir\u00e9e de Gala! Photo : Rabia Bellara (Mus\u00e9e de l&#039;imprimerie du Qu\u00e9bec)\" data-caption=\"Soir\u00e9e de Gala! Photo : Rabia Bellara (Mus\u00e9e de l&#039;imprimerie du Qu\u00e9bec)\" data-title=\"Rabia Bellara\" style=\" width:215px; height:215px;\" \/><\/div><FIGCAPTION class=\"\" data-alpha=\"5\" style=\"color:#ffffff; background-color:#01c1cb; font-size:140; text-align:center; font-family:Default;\" ><div class=\"grid-gallery-figcaption-wrap\" style=\" vertical-align:top;\"><div class=\"gg-image-caption fitvidsignore\" style=\"font-size:140;\"><object type=\"none\/none\">Soir\u00e9e de Gala! Photo : Rabia Bellara (Mus\u00e9e de l&#039;imprimerie du Qu\u00e9bec) <\/object><\/div><\/div><\/FIGCAPTION><\/FIGURE><\/a><a data-attachment-id=\"7209\" id=\"gg-3-82\" class=\"gg-link gg-colorbox \" data-attachment-id=\"7209\" href=\"https:\/\/galagutenberg.ca\/wp-content\/uploads\/2021\/10\/Paragraph_chloe-lepine_coffret-vege-scaled.jpg?gid=3\" target=\"_self\" rel=\"\" style=\"border-radius:00;\" ><FIGURE data-tags=\"\" data-id=\"82\" class=\"grid-gallery-caption\" data-grid-gallery-type=\"quarter-slide-up\" data-index=\"4\" style=\"display:none;border:10px solid #ffffff; border-radius:00;; margin:5px; width:2150;\" ><div class=\"crop\" style=\" width:2150; height:2150; overflow:hidden;\"><img decoding=\"async\" data-gg-real-image-href=\"https:\/\/galagutenberg.ca\/wp-content\/uploads\/2021\/10\/Paragraph_chloe-lepine_coffret-vege-scaled-215x215.jpg\" src=\"https:\/\/galagutenberg.ca\/wp-content\/plugins\/gallery-by-supsystic\/src\/GridGallery\/Galleries\/assets\/img\/loading.gif\" class=\"ggImg ggLazyImg\" alt=\"Coffret cocktail Gala Gutenberg 2021\" data-description=\"Le coffret cocktail, version v\u00e9g\u00e9! Photo : Chlo\u00e9 L\u00e9pine (Paragraph)\" data-caption=\"Le coffret cocktail, version v\u00e9g\u00e9! Photo : Chlo\u00e9 L\u00e9pine (Paragraph)\" data-title=\"Paragraph Chlo\u00e9 L\u00e9pine\" style=\" width:215px; height:215px;\" \/><\/div><FIGCAPTION class=\"\" data-alpha=\"5\" style=\"color:#ffffff; background-color:#01c1cb; font-size:140; text-align:center; font-family:Default;\" ><div class=\"grid-gallery-figcaption-wrap\" style=\" vertical-align:top;\"><div class=\"gg-image-caption fitvidsignore\" style=\"font-size:140;\"><object type=\"none\/none\">Le coffret cocktail, version v\u00e9g\u00e9! Photo : Chlo\u00e9 L\u00e9pine (Paragraph) <\/object><\/div><\/div><\/FIGCAPTION><\/FIGURE><\/a><a data-attachment-id=\"7326\" id=\"gg-3-86\" class=\"gg-link gg-colorbox \" data-attachment-id=\"7326\" href=\"https:\/\/galagutenberg.ca\/wp-content\/uploads\/2021\/10\/nadia-paradis-ariva-domtar.jpg?gid=3\" target=\"_self\" rel=\"\" style=\"border-radius:00;\" ><FIGURE data-tags=\"\" data-id=\"86\" class=\"grid-gallery-caption\" data-grid-gallery-type=\"quarter-slide-up\" data-index=\"5\" style=\"display:none;border:10px solid #ffffff; border-radius:00;; margin:5px; width:2150;\" ><div class=\"crop\" style=\" width:2150; height:2150; overflow:hidden;\"><img decoding=\"async\" data-gg-real-image-href=\"https:\/\/galagutenberg.ca\/wp-content\/uploads\/2021\/10\/nadia-paradis-ariva-domtar-215x215.jpg\" src=\"https:\/\/galagutenberg.ca\/wp-content\/plugins\/gallery-by-supsystic\/src\/GridGallery\/Galleries\/assets\/img\/loading.gif\" class=\"ggImg ggLazyImg\" alt=\"Coffret cocktail Gala Gutenberg 2021\" data-description=\"Un beau d\u00e9cor avec le coffret cocktail! Photo : Nadia Paradis (Ariva, une division de Domtar Inc.)\" data-caption=\"Un beau d\u00e9cor avec le coffret cocktail! Photo : Nadia Paradis (Ariva, une division de Domtar Inc.)\" data-title=\"Nadia Paradis Ariva Domtar\" style=\" width:215px; height:215px;\" \/><\/div><FIGCAPTION class=\"\" data-alpha=\"5\" style=\"color:#ffffff; background-color:#01c1cb; font-size:140; text-align:center; font-family:Default;\" ><div class=\"grid-gallery-figcaption-wrap\" style=\" vertical-align:top;\"><div class=\"gg-image-caption fitvidsignore\" style=\"font-size:140;\"><object type=\"none\/none\">Un beau d\u00e9cor avec le coffret cocktail! Photo : Nadia Paradis (Ariva, une division de Domtar Inc.) <\/object><\/div><\/div><\/FIGCAPTION><\/FIGURE><\/a><a data-attachment-id=\"7181\" id=\"gg-3-60\" class=\"gg-link gg-colorbox \" data-attachment-id=\"7181\" href=\"https:\/\/galagutenberg.ca\/wp-content\/uploads\/2021\/10\/mprepro_carmela-martinez_helene-pageau-scaled.jpg?gid=3\" target=\"_self\" rel=\"\" style=\"border-radius:00;\" ><FIGURE data-tags=\"\" data-id=\"60\" class=\"grid-gallery-caption\" data-grid-gallery-type=\"quarter-slide-up\" data-index=\"6\" style=\"display:none;border:10px solid #ffffff; border-radius:00;; margin:5px; width:2150;\" ><div class=\"crop\" style=\" width:2150; height:2150; overflow:hidden;\"><img decoding=\"async\" data-gg-real-image-href=\"https:\/\/galagutenberg.ca\/wp-content\/uploads\/2021\/10\/mprepro_carmela-martinez_helene-pageau-scaled-215x215.jpg\" src=\"https:\/\/galagutenberg.ca\/wp-content\/plugins\/gallery-by-supsystic\/src\/GridGallery\/Galleries\/assets\/img\/loading.gif\" class=\"ggImg ggLazyImg\" alt=\"Remise troph\u00e9e Affichage MpRepro Gala Gutenberg 2021\" data-description=\"\u00c9quipe MpRepro - Gagnant, cat\u00e9gorie Affichage De gauche \u00e0 droite : Carmela Martinez, MpRepro et H\u00e9l\u00e8ne Pageau, ICI.\" data-caption=\"\u00c9quipe MpRepro - Gagnant, cat\u00e9gorie Affichage De gauche \u00e0 droite : Carmela Martinez, MpRepro et H\u00e9l\u00e8ne Pageau, ICI.\" data-title=\"mprepro_carmela-martinez_helene-pageau\" style=\" width:215px; height:215px;\" \/><\/div><FIGCAPTION class=\"\" data-alpha=\"5\" style=\"color:#ffffff; background-color:#01c1cb; font-size:140; text-align:center; font-family:Default;\" ><div class=\"grid-gallery-figcaption-wrap\" style=\" vertical-align:top;\"><div class=\"gg-image-caption fitvidsignore\" style=\"font-size:140;\"><object type=\"none\/none\">\u00c9quipe MpRepro - Gagnant, cat\u00e9gorie Affichage De gauche \u00e0 droite : Carmela Martinez, MpRepro et H\u00e9l\u00e8ne Pageau, ICI. <\/object><\/div><\/div><\/FIGCAPTION><\/FIGURE><\/a><a data-attachment-id=\"7180\" id=\"gg-3-61\" class=\"gg-link gg-colorbox \" data-attachment-id=\"7180\" href=\"https:\/\/galagutenberg.ca\/wp-content\/uploads\/2021\/10\/mprepro-equipe-scaled.jpg?gid=3\" target=\"_self\" rel=\"\" style=\"border-radius:00;\" ><FIGURE data-tags=\"\" data-id=\"61\" class=\"grid-gallery-caption\" data-grid-gallery-type=\"quarter-slide-up\" data-index=\"7\" style=\"display:none;border:10px solid #ffffff; border-radius:00;; margin:5px; width:2150;\" ><div class=\"crop\" style=\" width:2150; height:2150; overflow:hidden;\"><img decoding=\"async\" data-gg-real-image-href=\"https:\/\/galagutenberg.ca\/wp-content\/uploads\/2021\/10\/mprepro-equipe-scaled-215x215.jpg\" src=\"https:\/\/galagutenberg.ca\/wp-content\/plugins\/gallery-by-supsystic\/src\/GridGallery\/Galleries\/assets\/img\/loading.gif\" class=\"ggImg ggLazyImg\" alt=\"MpRepro Gagnant Affichage Gala Gutenberg 2021\" data-description=\"\u00c9quipe MpRepro - Gagnant, cat\u00e9gorie Affichage\" data-caption=\"\u00c9quipe MpRepro - Gagnant, cat\u00e9gorie Affichage\" data-title=\"mprepro-equipe\" style=\" width:215px; height:215px;\" \/><\/div><FIGCAPTION class=\"\" data-alpha=\"5\" style=\"color:#ffffff; background-color:#01c1cb; font-size:140; text-align:center; font-family:Default;\" ><div class=\"grid-gallery-figcaption-wrap\" style=\" vertical-align:top;\"><div class=\"gg-image-caption fitvidsignore\" style=\"font-size:140;\"><object type=\"none\/none\">\u00c9quipe MpRepro - Gagnant, cat\u00e9gorie Affichage <\/object><\/div><\/div><\/FIGCAPTION><\/FIGURE><\/a><a data-attachment-id=\"7179\" id=\"gg-3-62\" class=\"gg-link gg-colorbox \" data-attachment-id=\"7179\" href=\"https:\/\/galagutenberg.ca\/wp-content\/uploads\/2021\/10\/mont-roy-limprimeur_pierre-robert_e\u0301ric-lamontagne-scaled.jpg?gid=3\" target=\"_self\" rel=\"\" style=\"border-radius:00;\" ><FIGURE data-tags=\"\" data-id=\"62\" class=\"grid-gallery-caption\" data-grid-gallery-type=\"quarter-slide-up\" data-index=\"8\" style=\"display:none;border:10px solid #ffffff; border-radius:00;; margin:5px; width:2150;\" ><div class=\"crop\" style=\" width:2150; height:2150; overflow:hidden;\"><img decoding=\"async\" data-gg-real-image-href=\"https:\/\/galagutenberg.ca\/wp-content\/uploads\/2021\/10\/mont-roy-limprimeur_pierre-robert_e\u0301ric-lamontagne-scaled-215x215.jpg\" src=\"https:\/\/galagutenberg.ca\/wp-content\/plugins\/gallery-by-supsystic\/src\/GridGallery\/Galleries\/assets\/img\/loading.gif\" class=\"ggImg ggLazyImg\" alt=\"Remise troph\u00e9e Mont-Roy L&#039;Imprimeur Gala Gutenberg 2021\" data-description=\"\u00c9quipe Mont-Roy L&#039;Imprimeur - Gagnant, cat\u00e9gorie Protection et affichage COVID\" data-caption=\"\u00c9quipe Mont-Roy L&#039;Imprimeur - Gagnant, cat\u00e9gorie Protection et affichage COVID\" data-title=\"mont-roy-limprimeur_pierre-robert_e\u0301ric-lamontagne\" style=\" width:215px; height:215px;\" \/><\/div><FIGCAPTION class=\"\" data-alpha=\"5\" style=\"color:#ffffff; background-color:#01c1cb; font-size:140; text-align:center; font-family:Default;\" ><div class=\"grid-gallery-figcaption-wrap\" style=\" vertical-align:top;\"><div class=\"gg-image-caption fitvidsignore\" style=\"font-size:140;\"><object type=\"none\/none\">\u00c9quipe Mont-Roy L&#039;Imprimeur - Gagnant, cat\u00e9gorie Protection et affichage COVID <\/object><\/div><\/div><\/FIGCAPTION><\/FIGURE><\/a><a data-attachment-id=\"7178\" id=\"gg-3-63\" class=\"gg-link gg-colorbox \" data-attachment-id=\"7178\" href=\"https:\/\/galagutenberg.ca\/wp-content\/uploads\/2021\/10\/menu-gala-gutenberg-2021-2-scaled.jpg?gid=3\" target=\"_self\" rel=\"\" style=\"border-radius:00;\" ><FIGURE data-tags=\"\" data-id=\"63\" class=\"grid-gallery-caption\" data-grid-gallery-type=\"quarter-slide-up\" data-index=\"9\" style=\"display:none;border:10px solid #ffffff; border-radius:00;; margin:5px; width:2150;\" ><div class=\"crop\" style=\" width:2150; height:2150; overflow:hidden;\"><img decoding=\"async\" data-gg-real-image-href=\"https:\/\/galagutenberg.ca\/wp-content\/uploads\/2021\/10\/menu-gala-gutenberg-2021-2-scaled-215x215.jpg\" src=\"https:\/\/galagutenberg.ca\/wp-content\/plugins\/gallery-by-supsystic\/src\/GridGallery\/Galleries\/assets\/img\/loading.gif\" class=\"ggImg ggLazyImg\" alt=\"Menu coffret cocktail Gala Gutenberg 2021\" data-description=\"Les \u00abmenus\u00bb de cette ann\u00e9e, des d\u00e9cors miniatures!\" data-caption=\"Les \u00abmenus\u00bb de cette ann\u00e9e, des d\u00e9cors miniatures!\" data-title=\"Menu Gala Gutenberg 2021\" style=\" width:215px; height:215px;\" \/><\/div><FIGCAPTION class=\"\" data-alpha=\"5\" style=\"color:#ffffff; background-color:#01c1cb; font-size:140; text-align:center; font-family:Default;\" ><div class=\"grid-gallery-figcaption-wrap\" style=\" vertical-align:top;\"><div class=\"gg-image-caption fitvidsignore\" style=\"font-size:140;\"><object type=\"none\/none\">Les \u00abmenus\u00bb de cette ann\u00e9e, des d\u00e9cors miniatures! <\/object><\/div><\/div><\/FIGCAPTION><\/FIGURE><\/a><a data-attachment-id=\"7177\" id=\"gg-3-64\" class=\"gg-link gg-colorbox \" data-attachment-id=\"7177\" href=\"https:\/\/galagutenberg.ca\/wp-content\/uploads\/2021\/10\/menu-gala-gutenberg-2021-1-scaled.jpg?gid=3\" target=\"_self\" rel=\"\" style=\"border-radius:00;\" ><FIGURE data-tags=\"\" data-id=\"64\" class=\"grid-gallery-caption\" data-grid-gallery-type=\"quarter-slide-up\" data-index=\"10\" style=\"display:none;border:10px solid #ffffff; border-radius:00;; margin:5px; width:2150;\" ><div class=\"crop\" style=\" width:2150; height:2150; overflow:hidden;\"><img decoding=\"async\" data-gg-real-image-href=\"https:\/\/galagutenberg.ca\/wp-content\/uploads\/2021\/10\/menu-gala-gutenberg-2021-1-scaled-215x215.jpg\" src=\"https:\/\/galagutenberg.ca\/wp-content\/plugins\/gallery-by-supsystic\/src\/GridGallery\/Galleries\/assets\/img\/loading.gif\" class=\"ggImg ggLazyImg\" alt=\"Menu coffret cocktail Gala Gutenberg 2021\" data-description=\"Les \u00abmenus\u00bb de cette ann\u00e9e, des d\u00e9cors miniatures!\" data-caption=\"Les \u00abmenus\u00bb de cette ann\u00e9e, des d\u00e9cors miniatures!\" data-title=\"Menu Gala Gutenberg 2021\" style=\" width:215px; height:215px;\" \/><\/div><FIGCAPTION class=\"\" data-alpha=\"5\" style=\"color:#ffffff; background-color:#01c1cb; font-size:140; text-align:center; font-family:Default;\" ><div class=\"grid-gallery-figcaption-wrap\" style=\" vertical-align:top;\"><div class=\"gg-image-caption fitvidsignore\" style=\"font-size:140;\"><object type=\"none\/none\">Les \u00abmenus\u00bb de cette ann\u00e9e, des d\u00e9cors miniatures! <\/object><\/div><\/div><\/FIGCAPTION><\/FIGURE><\/a><a data-attachment-id=\"7215\" id=\"gg-3-85\" class=\"gg-link gg-colorbox \" data-attachment-id=\"7215\" href=\"https:\/\/galagutenberg.ca\/wp-content\/uploads\/2021\/10\/lempreinte_ce\u0301line-canuel_jean-pierre-rose.jpg?gid=3\" target=\"_self\" rel=\"\" style=\"border-radius:00;\" ><FIGURE data-tags=\"\" data-id=\"85\" class=\"grid-gallery-caption\" data-grid-gallery-type=\"quarter-slide-up\" data-index=\"11\" style=\"display:none;border:10px solid #ffffff; border-radius:00;; margin:5px; width:2150;\" ><div class=\"crop\" style=\" width:2150; height:2150; overflow:hidden;\"><img decoding=\"async\" data-gg-real-image-href=\"https:\/\/galagutenberg.ca\/wp-content\/uploads\/2021\/10\/lempreinte_ce\u0301line-canuel_jean-pierre-rose-215x215.jpg\" src=\"https:\/\/galagutenberg.ca\/wp-content\/plugins\/gallery-by-supsystic\/src\/GridGallery\/Galleries\/assets\/img\/loading.gif\" class=\"ggImg ggLazyImg\" alt=\"Remise troph\u00e9es Imprimerie L&#039;Empreinte Gala Gutenberg 2021\" data-description=\"Imprimerie L&#039;Empreinte - Gagnant, cat\u00e9gories Marketing client et Mention GutenVert. De gauche \u00e0 droite : C\u00e9line Canuel et Jean-Pierre Rose, Imprimerie L&#039;Empreinte.\" data-caption=\"Imprimerie L&#039;Empreinte - Gagnant, cat\u00e9gories Marketing client et Mention GutenVert. De gauche \u00e0 droite : C\u00e9line Canuel et Jean-Pierre Rose, Imprimerie L&#039;Empreinte.\" data-title=\"Imprimerie L&#039;Empreinte\" style=\" width:215px; height:215px;\" \/><\/div><FIGCAPTION class=\"\" data-alpha=\"5\" style=\"color:#ffffff; background-color:#01c1cb; font-size:140; text-align:center; font-family:Default;\" ><div class=\"grid-gallery-figcaption-wrap\" style=\" vertical-align:top;\"><div class=\"gg-image-caption fitvidsignore\" style=\"font-size:140;\"><object type=\"none\/none\">Imprimerie L&#039;Empreinte - Gagnant, cat\u00e9gories Marketing client et Mention GutenVert. De gauche \u00e0 droite : C\u00e9line Canuel et Jean-Pierre Rose, Imprimerie L&#039;Empreinte. <\/object><\/div><\/div><\/FIGCAPTION><\/FIGURE><\/a><a data-attachment-id=\"7174\" id=\"gg-3-66\" class=\"gg-link gg-colorbox \" data-attachment-id=\"7174\" href=\"https:\/\/galagutenberg.ca\/wp-content\/uploads\/2021\/10\/Kurz_Carl-Rondeau-3.jpeg?gid=3\" target=\"_self\" rel=\"\" style=\"border-radius:00;\" ><FIGURE data-tags=\"\" data-id=\"66\" class=\"grid-gallery-caption\" data-grid-gallery-type=\"quarter-slide-up\" data-index=\"12\" style=\"display:none;border:10px solid #ffffff; border-radius:00;; margin:5px; width:2150;\" ><div class=\"crop\" style=\" width:2150; height:2150; overflow:hidden;\"><img decoding=\"async\" data-gg-real-image-href=\"https:\/\/galagutenberg.ca\/wp-content\/uploads\/2021\/10\/Kurz_Carl-Rondeau-3-215x215.jpeg\" src=\"https:\/\/galagutenberg.ca\/wp-content\/plugins\/gallery-by-supsystic\/src\/GridGallery\/Galleries\/assets\/img\/loading.gif\" class=\"ggImg ggLazyImg\" alt=\"Contenu coffret cocktail Gala Gutenberg 2021\" data-description=\"Un beau d\u00e9cor avec le coffret cocktail! Photo : Carl Rondeau (KURZ USA)\" data-caption=\"Un beau d\u00e9cor avec le coffret cocktail! Photo : Carl Rondeau (KURZ USA)\" data-title=\"Kurz Carl Rondeau\" style=\" width:215px; height:215px;\" \/><\/div><FIGCAPTION class=\"\" data-alpha=\"5\" style=\"color:#ffffff; background-color:#01c1cb; font-size:140; text-align:center; font-family:Default;\" ><div class=\"grid-gallery-figcaption-wrap\" style=\" vertical-align:top;\"><div class=\"gg-image-caption fitvidsignore\" style=\"font-size:140;\"><object type=\"none\/none\">Un beau d\u00e9cor avec le coffret cocktail! Photo : Carl Rondeau (KURZ USA) <\/object><\/div><\/div><\/FIGCAPTION><\/FIGURE><\/a><a data-attachment-id=\"7188\" id=\"gg-3-55\" class=\"gg-link gg-colorbox \" data-attachment-id=\"7188\" href=\"https:\/\/galagutenberg.ca\/wp-content\/uploads\/2021\/10\/imprimerie-ste-julie_marile\u0300ne-fournier_caroline-fournier-scaled.jpg?gid=3\" target=\"_self\" rel=\"\" style=\"border-radius:00;\" ><FIGURE data-tags=\"\" data-id=\"55\" class=\"grid-gallery-caption\" data-grid-gallery-type=\"quarter-slide-up\" data-index=\"13\" style=\"display:none;border:10px solid #ffffff; border-radius:00;; margin:5px; width:2150;\" ><div class=\"crop\" style=\" width:2150; height:2150; overflow:hidden;\"><img decoding=\"async\" data-gg-real-image-href=\"https:\/\/galagutenberg.ca\/wp-content\/uploads\/2021\/10\/imprimerie-ste-julie_marile\u0300ne-fournier_caroline-fournier-scaled-215x215.jpg\" src=\"https:\/\/galagutenberg.ca\/wp-content\/plugins\/gallery-by-supsystic\/src\/GridGallery\/Galleries\/assets\/img\/loading.gif\" class=\"ggImg ggLazyImg\" alt=\"Remise troph\u00e9es Imprimerie Ste-Julie Gala Gutenberg 2021\" data-description=\"Imprimerie Ste-Julie - Gagnant, cat\u00e9gories \u00c9tiquette et Coup de C\u0153ur. De gauche \u00e0 droite : Maril\u00e8ne Fournier et Caroline Fournier, Imprimerie Ste-Julie.\" data-caption=\"Imprimerie Ste-Julie - Gagnant, cat\u00e9gories \u00c9tiquette et Coup de C\u0153ur. De gauche \u00e0 droite : Maril\u00e8ne Fournier et Caroline Fournier, Imprimerie Ste-Julie.\" data-title=\"Imprimerie Ste-Julie\" style=\" width:215px; height:215px;\" \/><\/div><FIGCAPTION class=\"\" data-alpha=\"5\" style=\"color:#ffffff; background-color:#01c1cb; font-size:140; text-align:center; font-family:Default;\" ><div class=\"grid-gallery-figcaption-wrap\" style=\" vertical-align:top;\"><div class=\"gg-image-caption fitvidsignore\" style=\"font-size:140;\"><object type=\"none\/none\">Imprimerie Ste-Julie - Gagnant, cat\u00e9gories \u00c9tiquette et Coup de C\u0153ur. De gauche \u00e0 droite : Maril\u00e8ne Fournier et Caroline Fournier, Imprimerie Ste-Julie. <\/object><\/div><\/div><\/FIGCAPTION><\/FIGURE><\/a><a data-attachment-id=\"7175\" id=\"gg-3-65\" class=\"gg-link gg-colorbox \" data-attachment-id=\"7175\" href=\"https:\/\/galagutenberg.ca\/wp-content\/uploads\/2021\/10\/groupe-lelys_equipe.jpg?gid=3\" target=\"_self\" rel=\"\" style=\"border-radius:00;\" ><FIGURE data-tags=\"\" data-id=\"65\" class=\"grid-gallery-caption\" data-grid-gallery-type=\"quarter-slide-up\" data-index=\"14\" style=\"display:none;border:10px solid #ffffff; border-radius:00;; margin:5px; width:2150;\" ><div class=\"crop\" style=\" width:2150; height:2150; overflow:hidden;\"><img decoding=\"async\" data-gg-real-image-href=\"https:\/\/galagutenberg.ca\/wp-content\/uploads\/2021\/10\/groupe-lelys_equipe-215x215.jpg\" src=\"https:\/\/galagutenberg.ca\/wp-content\/plugins\/gallery-by-supsystic\/src\/GridGallery\/Galleries\/assets\/img\/loading.gif\" class=\"ggImg ggLazyImg\" alt=\"Remise troph\u00e9e Groupe Lelys Gala Gutenberg 2021\" data-description=\"\u00c9quipe Groupe Lelys - Gagnant, cat\u00e9gorie Emballage flexible\" data-caption=\"\u00c9quipe Groupe Lelys - Gagnant, cat\u00e9gorie Emballage flexible\" data-title=\"groupe-lelys_equipe\" style=\" width:215px; height:215px;\" \/><\/div><FIGCAPTION class=\"\" data-alpha=\"5\" style=\"color:#ffffff; background-color:#01c1cb; font-size:140; text-align:center; font-family:Default;\" ><div class=\"grid-gallery-figcaption-wrap\" style=\" vertical-align:top;\"><div class=\"gg-image-caption fitvidsignore\" style=\"font-size:140;\"><object type=\"none\/none\">\u00c9quipe Groupe Lelys - Gagnant, cat\u00e9gorie Emballage flexible <\/object><\/div><\/div><\/FIGCAPTION><\/FIGURE><\/a><a data-attachment-id=\"7172\" id=\"gg-3-68\" class=\"gg-link gg-colorbox \" data-attachment-id=\"7172\" href=\"https:\/\/galagutenberg.ca\/wp-content\/uploads\/2021\/10\/graphiscan.jpeg?gid=3\" target=\"_self\" rel=\"\" style=\"border-radius:00;\" ><FIGURE data-tags=\"\" data-id=\"68\" class=\"grid-gallery-caption\" data-grid-gallery-type=\"quarter-slide-up\" data-index=\"15\" style=\"display:none;border:10px solid #ffffff; border-radius:00;; margin:5px; width:2150;\" ><div class=\"crop\" style=\" width:2150; height:2150; overflow:hidden;\"><img decoding=\"async\" data-gg-real-image-href=\"https:\/\/galagutenberg.ca\/wp-content\/uploads\/2021\/10\/graphiscan-215x215.jpeg\" src=\"https:\/\/galagutenberg.ca\/wp-content\/plugins\/gallery-by-supsystic\/src\/GridGallery\/Galleries\/assets\/img\/loading.gif\" class=\"ggImg ggLazyImg\" alt=\"Remise troph\u00e9e Graphiscan Gala Gutenberg 2021\" data-description=\"Louis Audet, de Graphiscan, re\u00e7oit le troph\u00e9e pour la cat\u00e9gorie 100% Num\u00e9rique.\" data-caption=\"Louis Audet, de Graphiscan, re\u00e7oit le troph\u00e9e pour la cat\u00e9gorie 100% Num\u00e9rique.\" data-title=\"Graphiscan\" style=\" width:215px; height:215px;\" \/><\/div><FIGCAPTION class=\"\" data-alpha=\"5\" style=\"color:#ffffff; background-color:#01c1cb; font-size:140; text-align:center; font-family:Default;\" ><div class=\"grid-gallery-figcaption-wrap\" style=\" vertical-align:top;\"><div class=\"gg-image-caption fitvidsignore\" style=\"font-size:140;\"><object type=\"none\/none\">Louis Audet, de Graphiscan, re\u00e7oit le troph\u00e9e pour la cat\u00e9gorie 100% Num\u00e9rique. <\/object><\/div><\/div><\/FIGCAPTION><\/FIGURE><\/a><a data-attachment-id=\"7171\" id=\"gg-3-69\" class=\"gg-link gg-colorbox \" data-attachment-id=\"7171\" href=\"https:\/\/galagutenberg.ca\/wp-content\/uploads\/2021\/10\/EtiquettesIML-DonaldCaron-rotated.jpeg?gid=3\" target=\"_self\" rel=\"\" style=\"border-radius:00;\" ><FIGURE data-tags=\"\" data-id=\"69\" class=\"grid-gallery-caption\" data-grid-gallery-type=\"quarter-slide-up\" data-index=\"16\" style=\"display:none;border:10px solid #ffffff; border-radius:00;; margin:5px; width:2150;\" ><div class=\"crop\" style=\" width:2150; height:2150; overflow:hidden;\"><img decoding=\"async\" data-gg-real-image-href=\"https:\/\/galagutenberg.ca\/wp-content\/uploads\/2021\/10\/EtiquettesIML-DonaldCaron-rotated-215x215.jpeg\" src=\"https:\/\/galagutenberg.ca\/wp-content\/plugins\/gallery-by-supsystic\/src\/GridGallery\/Galleries\/assets\/img\/loading.gif\" class=\"ggImg ggLazyImg\" alt=\"Coffrets cocktail \u00c9tiquettes IML\" data-description=\"Les jolis coffrets cocktail! Photo : Donald Caron (\u00c9tiquettes IML \/ IML Labels)\" data-caption=\"Les jolis coffrets cocktail! Photo : Donald Caron (\u00c9tiquettes IML \/ IML Labels)\" data-title=\"\u00c9tiquettes IML Donald Caron\" style=\" width:215px; height:215px;\" \/><\/div><FIGCAPTION class=\"\" data-alpha=\"5\" style=\"color:#ffffff; background-color:#01c1cb; font-size:140; text-align:center; font-family:Default;\" ><div class=\"grid-gallery-figcaption-wrap\" style=\" vertical-align:top;\"><div class=\"gg-image-caption fitvidsignore\" style=\"font-size:140;\"><object type=\"none\/none\">Les jolis coffrets cocktail! Photo : Donald Caron (\u00c9tiquettes IML \/ IML Labels) <\/object><\/div><\/div><\/FIGCAPTION><\/FIGURE><\/a><a data-attachment-id=\"7173\" id=\"gg-3-67\" class=\"gg-link gg-colorbox \" data-attachment-id=\"7173\" href=\"https:\/\/galagutenberg.ca\/wp-content\/uploads\/2021\/10\/equipe_les-etiquettes-IML.jpg?gid=3\" target=\"_self\" rel=\"\" style=\"border-radius:00;\" ><FIGURE data-tags=\"\" data-id=\"67\" class=\"grid-gallery-caption\" data-grid-gallery-type=\"quarter-slide-up\" data-index=\"17\" style=\"display:none;border:10px solid #ffffff; border-radius:00;; margin:5px; width:2150;\" ><div class=\"crop\" style=\" width:2150; height:2150; overflow:hidden;\"><img decoding=\"async\" data-gg-real-image-href=\"https:\/\/galagutenberg.ca\/wp-content\/uploads\/2021\/10\/equipe_les-etiquettes-IML-215x215.jpg\" src=\"https:\/\/galagutenberg.ca\/wp-content\/plugins\/gallery-by-supsystic\/src\/GridGallery\/Galleries\/assets\/img\/loading.gif\" class=\"ggImg ggLazyImg\" alt=\"Remise troph\u00e9e \u00c9tiquettes IML Gala Gutenberg 2021\" data-description=\"\u00c9quipe \u00c9tiquettes IML - Gagnant, cat\u00e9gorie Emballage alimentaire\" data-caption=\"\u00c9quipe \u00c9tiquettes IML - Gagnant, cat\u00e9gorie Emballage alimentaire\" data-title=\"equipe_les-etiquettes-IML\" style=\" width:215px; height:215px;\" \/><\/div><FIGCAPTION class=\"\" data-alpha=\"5\" style=\"color:#ffffff; background-color:#01c1cb; font-size:140; text-align:center; font-family:Default;\" ><div class=\"grid-gallery-figcaption-wrap\" style=\" vertical-align:top;\"><div class=\"gg-image-caption fitvidsignore\" style=\"font-size:140;\"><object type=\"none\/none\">\u00c9quipe \u00c9tiquettes IML - Gagnant, cat\u00e9gorie Emballage alimentaire <\/object><\/div><\/div><\/FIGCAPTION><\/FIGURE><\/a><a data-attachment-id=\"7169\" id=\"gg-3-70\" class=\"gg-link gg-colorbox \" data-attachment-id=\"7169\" href=\"https:\/\/galagutenberg.ca\/wp-content\/uploads\/2021\/10\/csmo-3.jpeg?gid=3\" target=\"_self\" rel=\"\" style=\"border-radius:00;\" ><FIGURE data-tags=\"\" data-id=\"70\" class=\"grid-gallery-caption\" data-grid-gallery-type=\"quarter-slide-up\" data-index=\"18\" style=\"display:none;border:10px solid #ffffff; border-radius:00;; margin:5px; width:2150;\" ><div class=\"crop\" style=\" width:2150; height:2150; overflow:hidden;\"><img decoding=\"async\" data-gg-real-image-href=\"https:\/\/galagutenberg.ca\/wp-content\/uploads\/2021\/10\/csmo-3-215x215.jpeg\" src=\"https:\/\/galagutenberg.ca\/wp-content\/plugins\/gallery-by-supsystic\/src\/GridGallery\/Galleries\/assets\/img\/loading.gif\" class=\"ggImg ggLazyImg\" alt=\"Coffret cocktail Gala Gutenberg 2021\" data-description=\"Romeo&#039;s gin, contenu dans le coffret cocktail! Photo : CSMOCGQ\" data-caption=\"Romeo&#039;s gin, contenu dans le coffret cocktail! Photo : CSMOCGQ\" data-title=\"CSMO\" style=\" width:215px; height:215px;\" \/><\/div><FIGCAPTION class=\"\" data-alpha=\"5\" style=\"color:#ffffff; background-color:#01c1cb; font-size:140; text-align:center; font-family:Default;\" ><div class=\"grid-gallery-figcaption-wrap\" style=\" vertical-align:top;\"><div class=\"gg-image-caption fitvidsignore\" style=\"font-size:140;\"><object type=\"none\/none\">Romeo&#039;s gin, contenu dans le coffret cocktail! Photo : CSMOCGQ <\/object><\/div><\/div><\/FIGCAPTION><\/FIGURE><\/a><a data-attachment-id=\"7168\" id=\"gg-3-71\" class=\"gg-link gg-colorbox \" data-attachment-id=\"7168\" href=\"https:\/\/galagutenberg.ca\/wp-content\/uploads\/2021\/10\/csmo-2.jpeg?gid=3\" target=\"_self\" rel=\"\" style=\"border-radius:00;\" ><FIGURE data-tags=\"\" data-id=\"71\" class=\"grid-gallery-caption\" data-grid-gallery-type=\"quarter-slide-up\" data-index=\"19\" style=\"display:none;border:10px solid #ffffff; border-radius:00;; margin:5px; width:2150;\" ><div class=\"crop\" style=\" width:2150; height:2150; overflow:hidden;\"><img decoding=\"async\" data-gg-real-image-href=\"https:\/\/galagutenberg.ca\/wp-content\/uploads\/2021\/10\/csmo-2-215x215.jpeg\" src=\"https:\/\/galagutenberg.ca\/wp-content\/plugins\/gallery-by-supsystic\/src\/GridGallery\/Galleries\/assets\/img\/loading.gif\" class=\"ggImg ggLazyImg\" alt=\"CSMO Gala Gutenberg 2021\" data-description=\"L&#039;\u00e9quipe du CSMOCGQ\" data-caption=\"L&#039;\u00e9quipe du CSMOCGQ\" data-title=\"CSMO\" style=\" width:215px; height:215px;\" \/><\/div><FIGCAPTION class=\"\" data-alpha=\"5\" style=\"color:#ffffff; background-color:#01c1cb; font-size:140; text-align:center; font-family:Default;\" ><div class=\"grid-gallery-figcaption-wrap\" style=\" vertical-align:top;\"><div class=\"gg-image-caption fitvidsignore\" style=\"font-size:140;\"><object type=\"none\/none\">L&#039;\u00e9quipe du CSMOCGQ <\/object><\/div><\/div><\/FIGCAPTION><\/FIGURE><\/a><a data-attachment-id=\"7167\" id=\"gg-3-72\" class=\"gg-link gg-colorbox \" data-attachment-id=\"7167\" href=\"https:\/\/galagutenberg.ca\/wp-content\/uploads\/2021\/10\/csmo-1.jpeg?gid=3\" target=\"_self\" rel=\"\" style=\"border-radius:00;\" ><FIGURE data-tags=\"\" data-id=\"72\" class=\"grid-gallery-caption\" data-grid-gallery-type=\"quarter-slide-up\" data-index=\"20\" style=\"display:none;border:10px solid #ffffff; border-radius:00;; margin:5px; width:2150;\" ><div class=\"crop\" style=\" width:2150; height:2150; overflow:hidden;\"><img decoding=\"async\" data-gg-real-image-href=\"https:\/\/galagutenberg.ca\/wp-content\/uploads\/2021\/10\/csmo-1-215x215.jpeg\" src=\"https:\/\/galagutenberg.ca\/wp-content\/plugins\/gallery-by-supsystic\/src\/GridGallery\/Galleries\/assets\/img\/loading.gif\" class=\"ggImg ggLazyImg\" alt=\"La Biscuiterie de Montr\u00e9al Coffret cocktail Gala Gutenberg 2021\" data-description=\"Les biscuits de La Biscuiterie de Montr\u00e9al, contenus dans le coffret cocktail! Photo : CSMOCGQ\" data-caption=\"Les biscuits de La Biscuiterie de Montr\u00e9al, contenus dans le coffret cocktail! Photo : CSMOCGQ\" data-title=\"CSMO\" style=\" width:215px; height:215px;\" \/><\/div><FIGCAPTION class=\"\" data-alpha=\"5\" style=\"color:#ffffff; background-color:#01c1cb; font-size:140; text-align:center; font-family:Default;\" ><div class=\"grid-gallery-figcaption-wrap\" style=\" vertical-align:top;\"><div class=\"gg-image-caption fitvidsignore\" style=\"font-size:140;\"><object type=\"none\/none\">Les biscuits de La Biscuiterie de Montr\u00e9al, contenus dans le coffret cocktail! Photo : CSMOCGQ <\/object><\/div><\/div><\/FIGCAPTION><\/FIGURE><\/a><a data-attachment-id=\"7166\" id=\"gg-3-73\" class=\"gg-link gg-colorbox \" data-attachment-id=\"7166\" href=\"https:\/\/galagutenberg.ca\/wp-content\/uploads\/2021\/10\/coffret-cocktail-gala-gutenberg-2021-scaled.jpg?gid=3\" target=\"_self\" rel=\"\" style=\"border-radius:00;\" ><FIGURE data-tags=\"\" data-id=\"73\" class=\"grid-gallery-caption\" data-grid-gallery-type=\"quarter-slide-up\" data-index=\"21\" style=\"display:none;border:10px solid #ffffff; border-radius:00;; margin:5px; width:2150;\" ><div class=\"crop\" style=\" width:2150; height:2150; overflow:hidden;\"><img decoding=\"async\" data-gg-real-image-href=\"https:\/\/galagutenberg.ca\/wp-content\/uploads\/2021\/10\/coffret-cocktail-gala-gutenberg-2021-scaled-215x215.jpg\" src=\"https:\/\/galagutenberg.ca\/wp-content\/plugins\/gallery-by-supsystic\/src\/GridGallery\/Galleries\/assets\/img\/loading.gif\" class=\"ggImg ggLazyImg\" alt=\"Coffret cocktail Gala Gutenberg 2021\" data-description=\"Les d\u00e9licieux produits qu\u00e9b\u00e9cois contenus dans le coffret cocktail.\" data-caption=\"Les d\u00e9licieux produits qu\u00e9b\u00e9cois contenus dans le coffret cocktail.\" data-title=\"Coffret cocktail Gala Gutenberg 2021\" style=\" width:215px; height:215px;\" \/><\/div><FIGCAPTION class=\"\" data-alpha=\"5\" style=\"color:#ffffff; background-color:#01c1cb; font-size:140; text-align:center; font-family:Default;\" ><div class=\"grid-gallery-figcaption-wrap\" style=\" vertical-align:top;\"><div class=\"gg-image-caption fitvidsignore\" style=\"font-size:140;\"><object type=\"none\/none\">Les d\u00e9licieux produits qu\u00e9b\u00e9cois contenus dans le coffret cocktail. <\/object><\/div><\/div><\/FIGCAPTION><\/FIGURE><\/a><a data-attachment-id=\"7165\" id=\"gg-3-74\" class=\"gg-link gg-colorbox \" data-attachment-id=\"7165\" href=\"https:\/\/galagutenberg.ca\/wp-content\/uploads\/2021\/10\/Carmela-Martinez-scaled.jpeg?gid=3\" target=\"_self\" rel=\"\" style=\"border-radius:00;\" ><FIGURE data-tags=\"\" data-id=\"74\" class=\"grid-gallery-caption\" data-grid-gallery-type=\"quarter-slide-up\" data-index=\"22\" style=\"display:none;border:10px solid #ffffff; border-radius:00;; margin:5px; width:2150;\" ><div class=\"crop\" style=\" width:2150; height:2150; overflow:hidden;\"><img decoding=\"async\" data-gg-real-image-href=\"https:\/\/galagutenberg.ca\/wp-content\/uploads\/2021\/10\/Carmela-Martinez-scaled-215x215.jpeg\" src=\"https:\/\/galagutenberg.ca\/wp-content\/plugins\/gallery-by-supsystic\/src\/GridGallery\/Galleries\/assets\/img\/loading.gif\" class=\"ggImg ggLazyImg\" alt=\"Coffret cocktail Gala Gutenberg 2021\" data-description=\"Tr\u00e8s app\u00e9tissant! Merci! Photo : Carmela Martinez (MP Repro)\" data-caption=\"Tr\u00e8s app\u00e9tissant! Merci! Photo : Carmela Martinez (MP Repro)\" data-title=\"Carmela Martinez\" style=\" width:215px; height:215px;\" \/><\/div><FIGCAPTION class=\"\" data-alpha=\"5\" style=\"color:#ffffff; background-color:#01c1cb; font-size:140; text-align:center; font-family:Default;\" ><div class=\"grid-gallery-figcaption-wrap\" style=\" vertical-align:top;\"><div class=\"gg-image-caption fitvidsignore\" style=\"font-size:140;\"><object type=\"none\/none\">Tr\u00e8s app\u00e9tissant! Merci! Photo : Carmela Martinez (MP Repro) <\/object><\/div><\/div><\/FIGCAPTION><\/FIGURE><\/a><a data-attachment-id=\"7210\" id=\"gg-3-81\" class=\"gg-link gg-colorbox \" data-attachment-id=\"7210\" href=\"https:\/\/galagutenberg.ca\/wp-content\/uploads\/2021\/10\/Capture-de\u0301cran-le-2021-10-02-a\u0300-11.59.11.png?gid=3\" target=\"_self\" rel=\"\" style=\"border-radius:00;\" ><FIGURE data-tags=\"\" data-id=\"81\" class=\"grid-gallery-caption\" data-grid-gallery-type=\"quarter-slide-up\" data-index=\"23\" style=\"display:none;border:10px solid #ffffff; border-radius:00;; margin:5px; width:2150;\" ><div class=\"crop\" style=\" width:2150; height:2150; overflow:hidden;\"><img decoding=\"async\" data-gg-real-image-href=\"https:\/\/galagutenberg.ca\/wp-content\/uploads\/2021\/10\/Capture-de\u0301cran-le-2021-10-02-a\u0300-11.59.11-215x215.png\" src=\"https:\/\/galagutenberg.ca\/wp-content\/plugins\/gallery-by-supsystic\/src\/GridGallery\/Galleries\/assets\/img\/loading.gif\" class=\"ggImg ggLazyImg\" alt=\"Biscuits Gala Gutenberg 2021 La Biscuiterie de Montr\u00e9al\" data-description=\"Les jolis biscuits \u00e0 la Gutenberg. Merci \u00e0 La Biscuiterie de Montr\u00e9al!\" data-caption=\"Les jolis biscuits \u00e0 la Gutenberg. Merci \u00e0 La Biscuiterie de Montr\u00e9al!\" data-title=\"Biscuits Gala Gutenberg 2021 La Biscuiterie de Montr\u00e9al\" style=\" width:215px; height:215px;\" \/><\/div><FIGCAPTION class=\"\" data-alpha=\"5\" style=\"color:#ffffff; background-color:#01c1cb; font-size:140; text-align:center; font-family:Default;\" ><div class=\"grid-gallery-figcaption-wrap\" style=\" vertical-align:top;\"><div class=\"gg-image-caption fitvidsignore\" style=\"font-size:140;\"><object type=\"none\/none\">Les jolis biscuits \u00e0 la Gutenberg. Merci \u00e0 La Biscuiterie de Montr\u00e9al! <\/object><\/div><\/div><\/FIGCAPTION><\/FIGURE><\/a><a data-attachment-id=\"7164\" id=\"gg-3-75\" class=\"gg-link gg-colorbox \" data-attachment-id=\"7164\" href=\"https:\/\/galagutenberg.ca\/wp-content\/uploads\/2021\/10\/boites-cocktail-gala-gutenberg-2021-scaled.jpg?gid=3\" target=\"_self\" rel=\"\" style=\"border-radius:00;\" ><FIGURE data-tags=\"\" data-id=\"75\" class=\"grid-gallery-caption\" data-grid-gallery-type=\"quarter-slide-up\" data-index=\"24\" style=\"display:none;border:10px solid #ffffff; border-radius:00;; margin:5px; width:2150;\" ><div class=\"crop\" style=\" width:2150; height:2150; overflow:hidden;\"><img decoding=\"async\" data-gg-real-image-href=\"https:\/\/galagutenberg.ca\/wp-content\/uploads\/2021\/10\/boites-cocktail-gala-gutenberg-2021-scaled-215x215.jpg\" src=\"https:\/\/galagutenberg.ca\/wp-content\/plugins\/gallery-by-supsystic\/src\/GridGallery\/Galleries\/assets\/img\/loading.gif\" class=\"ggImg ggLazyImg\" alt=\"Coffret cocktail Gala Gutenberg 2021\" data-description=\"Les jolis coffrets cocktail.\" data-caption=\"Les jolis coffrets cocktail.\" data-title=\"Coffrets cocktail Gala Gutenberg 2021\" style=\" width:215px; height:215px;\" \/><\/div><FIGCAPTION class=\"\" data-alpha=\"5\" style=\"color:#ffffff; background-color:#01c1cb; font-size:140; text-align:center; font-family:Default;\" ><div class=\"grid-gallery-figcaption-wrap\" style=\" vertical-align:top;\"><div class=\"gg-image-caption fitvidsignore\" style=\"font-size:140;\"><object type=\"none\/none\">Les jolis coffrets cocktail. <\/object><\/div><\/div><\/FIGCAPTION><\/FIGURE><\/a><a data-attachment-id=\"7163\" id=\"gg-3-76\" class=\"gg-link gg-colorbox \" data-attachment-id=\"7163\" href=\"https:\/\/galagutenberg.ca\/wp-content\/uploads\/2021\/10\/assemblage-coffrets-cocktail-gala-gutenberg-2021-4-scaled.jpg?gid=3\" target=\"_self\" rel=\"\" style=\"border-radius:00;\" ><FIGURE data-tags=\"\" data-id=\"76\" class=\"grid-gallery-caption\" data-grid-gallery-type=\"quarter-slide-up\" data-index=\"25\" style=\"display:none;border:10px solid #ffffff; border-radius:00;; margin:5px; width:2150;\" ><div class=\"crop\" style=\" width:2150; height:2150; overflow:hidden;\"><img decoding=\"async\" data-gg-real-image-href=\"https:\/\/galagutenberg.ca\/wp-content\/uploads\/2021\/10\/assemblage-coffrets-cocktail-gala-gutenberg-2021-4-scaled-215x215.jpg\" src=\"https:\/\/galagutenberg.ca\/wp-content\/plugins\/gallery-by-supsystic\/src\/GridGallery\/Galleries\/assets\/img\/loading.gif\" class=\"ggImg ggLazyImg\" alt=\"Coffrets cocktail Gala Gutenberg 2021\" data-description=\"Des piles de coffrets... bient\u00f4t pr\u00eats!\" data-caption=\"Des piles de coffrets... bient\u00f4t pr\u00eats!\" data-title=\"Coffrets cocktail Gala Gutenberg 2021\" style=\" width:215px; height:215px;\" \/><\/div><FIGCAPTION class=\"\" data-alpha=\"5\" style=\"color:#ffffff; background-color:#01c1cb; font-size:140; text-align:center; font-family:Default;\" ><div class=\"grid-gallery-figcaption-wrap\" style=\" vertical-align:top;\"><div class=\"gg-image-caption fitvidsignore\" style=\"font-size:140;\"><object type=\"none\/none\">Des piles de coffrets... bient\u00f4t pr\u00eats! <\/object><\/div><\/div><\/FIGCAPTION><\/FIGURE><\/a><a data-attachment-id=\"7162\" id=\"gg-3-77\" class=\"gg-link gg-colorbox \" data-attachment-id=\"7162\" href=\"https:\/\/galagutenberg.ca\/wp-content\/uploads\/2021\/10\/assemblage-coffrets-cocktail-gala-gutenberg-2021-3-scaled.jpg?gid=3\" target=\"_self\" rel=\"\" style=\"border-radius:00;\" ><FIGURE data-tags=\"\" data-id=\"77\" class=\"grid-gallery-caption\" data-grid-gallery-type=\"quarter-slide-up\" data-index=\"26\" style=\"display:none;border:10px solid #ffffff; border-radius:00;; margin:5px; width:2150;\" ><div class=\"crop\" style=\" width:2150; height:2150; overflow:hidden;\"><img decoding=\"async\" data-gg-real-image-href=\"https:\/\/galagutenberg.ca\/wp-content\/uploads\/2021\/10\/assemblage-coffrets-cocktail-gala-gutenberg-2021-3-scaled-215x215.jpg\" src=\"https:\/\/galagutenberg.ca\/wp-content\/plugins\/gallery-by-supsystic\/src\/GridGallery\/Galleries\/assets\/img\/loading.gif\" class=\"ggImg ggLazyImg\" alt=\"Assemblage coffrets cocktail Gala Gutenberg 2021\" data-description=\"L&#039;assemblage des jolis coffrets cocktail\" data-caption=\"L&#039;assemblage des jolis coffrets cocktail\" data-title=\"Assemblage coffrets cocktail Gala Gutenberg 2021\" style=\" width:215px; height:215px;\" \/><\/div><FIGCAPTION class=\"\" data-alpha=\"5\" style=\"color:#ffffff; background-color:#01c1cb; font-size:140; text-align:center; font-family:Default;\" ><div class=\"grid-gallery-figcaption-wrap\" style=\" vertical-align:top;\"><div class=\"gg-image-caption fitvidsignore\" style=\"font-size:140;\"><object type=\"none\/none\">L&#039;assemblage des jolis coffrets cocktail <\/object><\/div><\/div><\/FIGCAPTION><\/FIGURE><\/a><a data-attachment-id=\"7161\" id=\"gg-3-78\" class=\"gg-link gg-colorbox \" data-attachment-id=\"7161\" href=\"https:\/\/galagutenberg.ca\/wp-content\/uploads\/2021\/10\/assemblage-coffrets-cocktail-gala-gutenberg-2021-2-scaled.jpg?gid=3\" target=\"_self\" rel=\"\" style=\"border-radius:00;\" ><FIGURE data-tags=\"\" data-id=\"78\" class=\"grid-gallery-caption\" data-grid-gallery-type=\"quarter-slide-up\" data-index=\"27\" style=\"display:none;border:10px solid #ffffff; border-radius:00;; margin:5px; width:2150;\" ><div class=\"crop\" style=\" width:2150; height:2150; overflow:hidden;\"><img decoding=\"async\" data-gg-real-image-href=\"https:\/\/galagutenberg.ca\/wp-content\/uploads\/2021\/10\/assemblage-coffrets-cocktail-gala-gutenberg-2021-2-scaled-215x215.jpg\" src=\"https:\/\/galagutenberg.ca\/wp-content\/plugins\/gallery-by-supsystic\/src\/GridGallery\/Galleries\/assets\/img\/loading.gif\" class=\"ggImg ggLazyImg\" alt=\"Assemblage coffrets cocktail Gala Gutenberg 2021\" data-description=\"Les coffrets cocktail pr\u00eats \u00e0 \u00eatre distribu\u00e9s!\" data-caption=\"Les coffrets cocktail pr\u00eats \u00e0 \u00eatre distribu\u00e9s!\" data-title=\"Assemblage coffrets cocktail Gala Gutenberg 2021\" style=\" width:215px; height:215px;\" \/><\/div><FIGCAPTION class=\"\" data-alpha=\"5\" style=\"color:#ffffff; background-color:#01c1cb; font-size:140; text-align:center; font-family:Default;\" ><div class=\"grid-gallery-figcaption-wrap\" style=\" vertical-align:top;\"><div class=\"gg-image-caption fitvidsignore\" style=\"font-size:140;\"><object type=\"none\/none\">Les coffrets cocktail pr\u00eats \u00e0 \u00eatre distribu\u00e9s! <\/object><\/div><\/div><\/FIGCAPTION><\/FIGURE><\/a><a data-attachment-id=\"7159\" id=\"gg-3-80\" class=\"gg-link gg-colorbox \" data-attachment-id=\"7159\" href=\"https:\/\/galagutenberg.ca\/wp-content\/uploads\/2021\/10\/Andre-Goyette.jpg?gid=3\" target=\"_self\" rel=\"\" style=\"border-radius:00;\" ><FIGURE data-tags=\"\" data-id=\"80\" class=\"grid-gallery-caption\" data-grid-gallery-type=\"quarter-slide-up\" data-index=\"28\" style=\"display:none;border:10px solid #ffffff; border-radius:00;; margin:5px; width:2150;\" ><div class=\"crop\" style=\" width:2150; height:2150; overflow:hidden;\"><img decoding=\"async\" data-gg-real-image-href=\"https:\/\/galagutenberg.ca\/wp-content\/uploads\/2021\/10\/Andre-Goyette-215x215.jpg\" src=\"https:\/\/galagutenberg.ca\/wp-content\/plugins\/gallery-by-supsystic\/src\/GridGallery\/Galleries\/assets\/img\/loading.gif\" class=\"ggImg ggLazyImg\" alt=\"D\u00e9cor Coffret cocktail Gala Gutenberg 2021\" data-description=\"Une autre belle pr\u00e9sentation! Photo : Andr\u00e9 Goyette (Imprimerie Contact)\" data-caption=\"Une autre belle pr\u00e9sentation! Photo : Andr\u00e9 Goyette (Imprimerie Contact)\" data-title=\"Andre Goyette\" style=\" width:215px; height:215px;\" \/><\/div><FIGCAPTION class=\"\" data-alpha=\"5\" style=\"color:#ffffff; background-color:#01c1cb; font-size:140; text-align:center; font-family:Default;\" ><div class=\"grid-gallery-figcaption-wrap\" style=\" vertical-align:top;\"><div class=\"gg-image-caption fitvidsignore\" style=\"font-size:140;\"><object type=\"none\/none\">Une autre belle pr\u00e9sentation! Photo : Andr\u00e9 Goyette (Imprimerie Contact) <\/object><\/div><\/div><\/FIGCAPTION><\/FIGURE><\/a><a data-attachment-id=\"7208\" id=\"gg-3-83\" class=\"gg-link gg-colorbox \" data-attachment-id=\"7208\" href=\"https:\/\/galagutenberg.ca\/wp-content\/uploads\/2021\/10\/accent-impression_adam-zara_anthony-zara-scaled.jpg?gid=3\" target=\"_self\" rel=\"\" style=\"border-radius:00;\" ><FIGURE data-tags=\"\" data-id=\"83\" class=\"grid-gallery-caption\" data-grid-gallery-type=\"quarter-slide-up\" data-index=\"29\" style=\"display:none;border:10px solid #ffffff; border-radius:00;; margin:5px; width:2150;\" ><div class=\"crop\" style=\" width:2150; height:2150; overflow:hidden;\"><img decoding=\"async\" data-gg-real-image-href=\"https:\/\/galagutenberg.ca\/wp-content\/uploads\/2021\/10\/accent-impression_adam-zara_anthony-zara-scaled-215x215.jpg\" src=\"https:\/\/galagutenberg.ca\/wp-content\/plugins\/gallery-by-supsystic\/src\/GridGallery\/Galleries\/assets\/img\/loading.gif\" class=\"ggImg ggLazyImg\" alt=\"Remise troph\u00e9e Accent Impression Gala Gutenberg 2021\" data-description=\"Accent Impression - Gagnant, cat\u00e9gorie \u00c9dition Magazine. De gauche \u00e0 droite : Adam Zara et Anthony Zara, Accent Impression.\" data-caption=\"Accent Impression - Gagnant, cat\u00e9gorie \u00c9dition Magazine. De gauche \u00e0 droite : Adam Zara et Anthony Zara, Accent Impression.\" data-title=\"Accent Impression\" style=\" width:215px; height:215px;\" \/><\/div><FIGCAPTION class=\"\" data-alpha=\"5\" style=\"color:#ffffff; background-color:#01c1cb; font-size:140; text-align:center; font-family:Default;\" ><div class=\"grid-gallery-figcaption-wrap\" style=\" vertical-align:top;\"><div class=\"gg-image-caption fitvidsignore\" style=\"font-size:140;\"><object type=\"none\/none\">Accent Impression - Gagnant, cat\u00e9gorie \u00c9dition Magazine. De gauche \u00e0 droite : Adam Zara et Anthony Zara, Accent Impression. <\/object><\/div><\/div><\/FIGCAPTION><\/FIGURE><\/a> <div class=\"grid-gallery-clearfix\"><\/div> <\/div> <div class=\"gallery-sharing-bottom\" style=\"display:none;\"> <\/div> <div class=\"gallery-sharing-image\" style=\"display:none;\"> <\/div> <div class=\"gallery-sharing-popup\" style=\"display:none;\"> <\/div> <div class=\"grid-gallery-clearfix\"><\/div> <\/div> <!-- Gallery by Supsystic plugin1.16.0 \/2.10.00 --> <style> <\/style><a title=\"\" style=\"display:none;\" href=\"https:\/\/supsystic.com\/plugins\/photo-gallery\/?utm_medium=love_link\" target=\"_blank\"><\/a><\/div>\n\t\t\t\t\t\t<\/div>\n\t\t\t\t<\/div>\n\t\t\t\t\t<\/div>\n\t\t\t\t<\/div>\n\t\t\t\t<\/div>\n\t\t","protected":false},"excerpt":{"rendered":"<p>Galerie photo Gala Gutenberg 2021<\/p>","protected":false},"author":2,"featured_media":0,"parent":0,"menu_order":0,"comment_status":"closed","ping_status":"closed","template":"","meta":{"site-sidebar-layout":"no-sidebar","site-content-layout":"page-builder","ast-site-content-layout":"full-width-container","site-content-style":"unboxed","site-sidebar-style":"unboxed","ast-global-header-display":"","ast-banner-title-visibility":"","ast-main-header-display":"","ast-hfb-above-header-display":"","ast-hfb-below-header-display":"","ast-hfb-mobile-header-display":"","site-post-title":"disabled","ast-breadcrumbs-content":"","ast-featured-img":"disabled","footer-sml-layout":"","ast-disable-related-posts":"","theme-transparent-header-meta":"default","adv-header-id-meta":"","stick-header-meta":"","header-above-stick-meta":"","header-main-stick-meta":"","header-below-stick-meta":"","astra-migrate-meta-layouts":"set","ast-page-background-enabled":"default","ast-page-background-meta":{"desktop":{"background-color":"","background-image":"","background-repeat":"repeat","background-position":"center center","background-size":"auto","background-attachment":"scroll","background-type":"","background-media":"","overlay-type":"","overlay-color":"","overlay-opacity":"","overlay-gradient":""},"tablet":{"background-color":"","background-image":"","background-repeat":"repeat","background-position":"center center","background-size":"auto","background-attachment":"scroll","background-type":"","background-media":"","overlay-type":"","overlay-color":"","overlay-opacity":"","overlay-gradient":""},"mobile":{"background-color":"","background-image":"","background-repeat":"repeat","background-position":"center center","background-size":"auto","background-attachment":"scroll","background-type":"","background-media":"","overlay-type":"","overlay-color":"","overlay-opacity":"","overlay-gradient":""}},"ast-content-background-meta":{"desktop":{"background-color":"var(--ast-global-color-5)","background-image":"","background-repeat":"repeat","background-position":"center center","background-size":"auto","background-attachment":"scroll","background-type":"","background-media":"","overlay-type":"","overlay-color":"","overlay-opacity":"","overlay-gradient":""},"tablet":{"background-color":"var(--ast-global-color-5)","background-image":"","background-repeat":"repeat","background-position":"center center","background-size":"auto","background-attachment":"scroll","background-type":"","background-media":"","overlay-type":"","overlay-color":"","overlay-opacity":"","overlay-gradient":""},"mobile":{"background-color":"var(--ast-global-color-5)","background-image":"","background-repeat":"repeat","background-position":"center center","background-size":"auto","background-attachment":"scroll","background-type":"","background-media":"","overlay-type":"","overlay-color":"","overlay-opacity":"","overlay-gradient":""}},"ngg_post_thumbnail":0,"footnotes":""},"class_list":["post-6768","page","type-page","status-publish","hentry"],"yoast_head":"<!-- This site is optimized with the Yoast SEO plugin v27.4 - https:\/\/yoast.com\/product\/yoast-seo-wordpress\/ -->\n<title>Galerie photo 2021 - Gala Gutenberg<\/title>\n<meta name=\"robots\" content=\"index, follow, max-snippet:-1, max-image-preview:large, max-video-preview:-1\" \/>\n<link rel=\"canonical\" href=\"https:\/\/galagutenberg.ca\/en\/galerie-photo-2021\/\" \/>\n<meta property=\"og:locale\" content=\"en_US\" \/>\n<meta property=\"og:type\" content=\"article\" \/>\n<meta property=\"og:title\" content=\"Galerie photo 2021 - Gala Gutenberg\" \/>\n<meta property=\"og:description\" content=\"Galerie photo Gala Gutenberg 2021\" \/>\n<meta property=\"og:url\" content=\"https:\/\/galagutenberg.ca\/en\/galerie-photo-2021\/\" \/>\n<meta property=\"og:site_name\" content=\"Gala Gutenberg\" \/>\n<meta property=\"article:modified_time\" content=\"2024-09-03T15:45:28+00:00\" \/>\n<meta name=\"twitter:card\" content=\"summary_large_image\" \/>\n<meta name=\"twitter:label1\" content=\"Est. reading time\" \/>\n\t<meta name=\"twitter:data1\" content=\"1 minute\" \/>\n<script type=\"application\/ld+json\" class=\"yoast-schema-graph\">{\"@context\":\"https:\\\/\\\/schema.org\",\"@graph\":[{\"@type\":\"WebPage\",\"@id\":\"https:\\\/\\\/galagutenberg.ca\\\/galerie-photo-2021\\\/\",\"url\":\"https:\\\/\\\/galagutenberg.ca\\\/galerie-photo-2021\\\/\",\"name\":\"Galerie photo 2021 - Gala Gutenberg\",\"isPartOf\":{\"@id\":\"https:\\\/\\\/galagutenberg.ca\\\/#website\"},\"datePublished\":\"2021-10-04T18:56:41+00:00\",\"dateModified\":\"2024-09-03T15:45:28+00:00\",\"breadcrumb\":{\"@id\":\"https:\\\/\\\/galagutenberg.ca\\\/galerie-photo-2021\\\/#breadcrumb\"},\"inLanguage\":\"en-CA\",\"potentialAction\":[{\"@type\":\"ReadAction\",\"target\":[\"https:\\\/\\\/galagutenberg.ca\\\/galerie-photo-2021\\\/\"]}]},{\"@type\":\"BreadcrumbList\",\"@id\":\"https:\\\/\\\/galagutenberg.ca\\\/galerie-photo-2021\\\/#breadcrumb\",\"itemListElement\":[{\"@type\":\"ListItem\",\"position\":1,\"name\":\"Accueil\",\"item\":\"https:\\\/\\\/galagutenberg.ca\\\/\"},{\"@type\":\"ListItem\",\"position\":2,\"name\":\"Galerie photo 2021\"}]},{\"@type\":\"WebSite\",\"@id\":\"https:\\\/\\\/galagutenberg.ca\\\/#website\",\"url\":\"https:\\\/\\\/galagutenberg.ca\\\/\",\"name\":\"Gala Gutenberg\",\"description\":\"\",\"potentialAction\":[{\"@type\":\"SearchAction\",\"target\":{\"@type\":\"EntryPoint\",\"urlTemplate\":\"https:\\\/\\\/galagutenberg.ca\\\/?s={search_term_string}\"},\"query-input\":{\"@type\":\"PropertyValueSpecification\",\"valueRequired\":true,\"valueName\":\"search_term_string\"}}],\"inLanguage\":\"en-CA\"}]}<\/script>\n<!-- \/ Yoast SEO plugin. -->","yoast_head_json":{"title":"Galerie photo 2021 - Gala Gutenberg","robots":{"index":"index","follow":"follow","max-snippet":"max-snippet:-1","max-image-preview":"max-image-preview:large","max-video-preview":"max-video-preview:-1"},"canonical":"https:\/\/galagutenberg.ca\/en\/galerie-photo-2021\/","og_locale":"en_US","og_type":"article","og_title":"Galerie photo 2021 - Gala Gutenberg","og_description":"Galerie photo Gala Gutenberg 2021","og_url":"https:\/\/galagutenberg.ca\/en\/galerie-photo-2021\/","og_site_name":"Gala Gutenberg","article_modified_time":"2024-09-03T15:45:28+00:00","twitter_card":"summary_large_image","twitter_misc":{"Est. reading time":"1 minute"},"schema":{"@context":"https:\/\/schema.org","@graph":[{"@type":"WebPage","@id":"https:\/\/galagutenberg.ca\/galerie-photo-2021\/","url":"https:\/\/galagutenberg.ca\/galerie-photo-2021\/","name":"Galerie photo 2021 - Gala Gutenberg","isPartOf":{"@id":"https:\/\/galagutenberg.ca\/#website"},"datePublished":"2021-10-04T18:56:41+00:00","dateModified":"2024-09-03T15:45:28+00:00","breadcrumb":{"@id":"https:\/\/galagutenberg.ca\/galerie-photo-2021\/#breadcrumb"},"inLanguage":"en-CA","potentialAction":[{"@type":"ReadAction","target":["https:\/\/galagutenberg.ca\/galerie-photo-2021\/"]}]},{"@type":"BreadcrumbList","@id":"https:\/\/galagutenberg.ca\/galerie-photo-2021\/#breadcrumb","itemListElement":[{"@type":"ListItem","position":1,"name":"Accueil","item":"https:\/\/galagutenberg.ca\/"},{"@type":"ListItem","position":2,"name":"Galerie photo 2021"}]},{"@type":"WebSite","@id":"https:\/\/galagutenberg.ca\/#website","url":"https:\/\/galagutenberg.ca\/","name":"Gala Gutenberg","description":"","potentialAction":[{"@type":"SearchAction","target":{"@type":"EntryPoint","urlTemplate":"https:\/\/galagutenberg.ca\/?s={search_term_string}"},"query-input":{"@type":"PropertyValueSpecification","valueRequired":true,"valueName":"search_term_string"}}],"inLanguage":"en-CA"}]}},"_links":{"self":[{"href":"https:\/\/galagutenberg.ca\/en\/wp-json\/wp\/v2\/pages\/6768","targetHints":{"allow":["GET"]}}],"collection":[{"href":"https:\/\/galagutenberg.ca\/en\/wp-json\/wp\/v2\/pages"}],"about":[{"href":"https:\/\/galagutenberg.ca\/en\/wp-json\/wp\/v2\/types\/page"}],"author":[{"embeddable":true,"href":"https:\/\/galagutenberg.ca\/en\/wp-json\/wp\/v2\/users\/2"}],"replies":[{"embeddable":true,"href":"https:\/\/galagutenberg.ca\/en\/wp-json\/wp\/v2\/comments?post=6768"}],"version-history":[{"count":50,"href":"https:\/\/galagutenberg.ca\/en\/wp-json\/wp\/v2\/pages\/6768\/revisions"}],"predecessor-version":[{"id":14849,"href":"https:\/\/galagutenberg.ca\/en\/wp-json\/wp\/v2\/pages\/6768\/revisions\/14849"}],"wp:attachment":[{"href":"https:\/\/galagutenberg.ca\/en\/wp-json\/wp\/v2\/media?parent=6768"}],"curies":[{"name":"wp","href":"https:\/\/api.w.org\/{rel}","templated":true}]}}